{"id":8972,"date":"2023-06-14T11:23:24","date_gmt":"2023-06-14T08:23:24","guid":{"rendered":"https:\/\/traitdunion.gr\/?post_type=webinar&#038;p=8972"},"modified":"2023-06-28T10:43:04","modified_gmt":"2023-06-28T07:43:04","slug":"webinaires-juin-2023","status":"publish","type":"webinar","link":"https:\/\/traitdunion.gr\/fr\/webinar\/webinaires-juin-2023\/","title":{"rendered":"Webinaires Juin 2023"},"content":{"rendered":"<p style=\"text-align: center;\"><span class=\"bigger\"><strong>D\u00e9couvrez vite nos nouveaut\u00e9s\u00a0!<\/strong><\/span><\/p>\n<p style=\"text-align: center;\"><strong>Picto+ B1,<\/strong> m\u00e9thode pour adolescents,<br \/>\n<strong>Pr\u00e9padelf B2<\/strong> (Vers le C1) et <strong>\u00c0 la hauteur du <\/strong><strong>\u039a\u03a0\u03b3<\/strong>.<br \/>\nParticipez \u00e0 nos webinaires\u00a0et soyez les premiers \u00e0 recevoir les livres du prof\u00a0!<\/p>\n<p style=\"text-align: center;\"><strong>Picto+ B1: m\u00e9thode pour adolescents<\/strong><\/p>\n<p style=\"text-align: center;\">\u039c\u03b1\u03b6\u03af \u03b8\u03b1 \u03b1\u03bd\u03b1\u03ba\u03b1\u03bb\u03cd\u03c8\u03bf\u03c5\u03bc\u03b5 \u03c4\u03bf \u03c4\u03b5\u03bb\u03b5\u03c5\u03c4\u03b1\u03af\u03bf \u03b5\u03c0\u03af\u03c0\u03b5\u03b4\u03bf \u03c4\u03b7\u03c2 \u03bc\u03b5\u03b8\u03cc\u03b4\u03bf\u03c5 <em>Picto<\/em> (\u03c4\u03bf \u03c0\u03b1\u03b9\u03b4\u03b1\u03b3\u03c9\u03b3\u03b9\u03ba\u03cc \u03c5\u03bb\u03b9\u03ba\u03cc \u03c4\u03b7\u03c2 \u03bc\u03b5\u03b8\u03cc\u03b4\u03bf\u03c5, \u03c4\u03b7 \u03b4\u03bf\u03bc\u03ae \u03c4\u03bf\u03c5 \u03b2\u03b9\u03b2\u03bb\u03af\u03bf\u03c5, \u03c4\u03b1 \u03c0\u03b5\u03c1\u03b9\u03b5\u03c7\u03cc\u03bc\u03b5\u03bd\u03b1 \u03ba\u03b1\u03b9 \u03c4\u03b7 \u03bc\u03b5\u03b8\u03bf\u03b4\u03bf\u03bb\u03bf\u03b3\u03af\u03b1) \u03ba\u03b1\u03b9 \u03b8\u03b1 \u03c0\u03c1\u03bf\u03c4\u03b5\u03af\u03bd\u03bf\u03c5\u03bc\u03b5 \u03b9\u03b4\u03ad\u03b5\u03c2 \u03ba\u03b1\u03b9 \u03b4\u03c1\u03ac\u03c3\u03b5\u03b9\u03c2 \u03b3\u03b9\u03b1 \u03c4\u03b7\u00a0\u03b4\u03b9\u03b4\u03b1\u03c3\u03ba\u03b1\u03bb\u03af\u03b1 \u03b5\u03bd\u03cc\u03c2 \u03bc\u03b1\u03b8\u03ae\u03bc\u03b1\u03c4\u03bf\u03c2.<\/p>\n<p style=\"text-align: center;\"><strong>Pr\u00e9padelf B2 - Vers le C1<\/strong><\/p>\n<p style=\"text-align: center;\">\u03a0\u03bf\u03b9\u03bf \u03b2\u03b9\u03b2\u03bb\u03af\u03bf \u03c0\u03c1\u03bf\u03b5\u03c4\u03bf\u03b9\u03bc\u03b1\u03c3\u03af\u03b1\u03c2 \u03b3\u03b9\u03b1 \u03c4\u03bf \u03b5\u03c0\u03af\u03c0\u03b5\u03b4\u03bf \u03922 \u03bc\u03c0\u03bf\u03c1\u03ce \u03bd\u03b1 \u03c7\u03c1\u03b7\u03c3\u03b9\u03bc\u03bf\u03c0\u03bf\u03b9\u03ae\u03c3\u03c9 \u03bc\u03b5 \u03b5\u03bd\u03ae\u03bb\u03b9\u03ba\u03b5\u03c2 \u03ae \u03bc\u03b1\u03b8\u03b7\u03c4\u03ad\u03c2 \u03bb\u03c5\u03ba\u03b5\u03af\u03bf\u03c5;<\/p>\n<p style=\"text-align: center;\">\u03a0\u03bf\u03b9\u03bf \u03b2\u03b9\u03b2\u03bb\u03af\u03bf \u03bc\u03c0\u03bf\u03c1\u03ce \u03bd\u03b1 \u03c7\u03c1\u03b7\u03c3\u03b9\u03bc\u03bf\u03c0\u03bf\u03b9\u03ae\u03c3\u03c9 \u03b3\u03b9\u03b1 \u03b5\u03bd\u03c4\u03b1\u03c4\u03b9\u03ba\u03ae \u03c0\u03c1\u03bf\u03b5\u03c4\u03bf\u03b9\u03bc\u03b1\u03c3\u03af\u03b1 \u03bc\u03b1\u03b8\u03b7\u03c4\u03ce\u03bd \u03c0\u03bf\u03c5 \u03b8\u03ad\u03bb\u03bf\u03c5\u03bd \u03bd\u03b1 \u03c0\u03c1\u03bf\u03c7\u03c9\u03c1\u03ae\u03c3\u03bf\u03c5\u03bd \u03c3\u03c4o \u03b5\u03c0\u03af\u03c0\u03b5\u03b4\u03bf C1;<br \/>\n\u039c\u03b9\u03b1 \u03bf\u03bb\u03bf\u03ba\u03bb\u03b7\u03c1\u03c9\u03bc\u03ad\u03bd\u03b7 \u03ba\u03b1\u03b9 \u03c0\u03c1\u03b1\u03ba\u03c4\u03b9\u03ba\u03ae \u03c0\u03c1\u03cc\u03c4\u03b1\u03c3\u03b7 \u03b3\u03b9\u03b1 \u03ad\u03bd\u03b1 \u03b5\u03c0\u03af\u03c0\u03b5\u03b4\u03bf \u03bc\u03b5 \u03bc\u03b5\u03b3\u03ac\u03bb\u03b5\u03c2 \u03b1\u03c0\u03b1\u03b9\u03c4\u03ae\u03c3\u03b5\u03b9\u03c2.<\/p>\n<p style=\"text-align: center;\"><strong>\u00c0 la hauteur du \u039a\u03a0\u03b3\u00a0(\u03b5\u03c0\u03af\u03c0\u03b5\u03b4\u03bf A)<\/strong><\/p>\n<p style=\"text-align: center;\">\u03a0\u03c1\u03bf\u03b5\u03c4\u03bf\u03b9\u03bc\u03ac\u03b6\u03bf\u03bc\u03b1\u03b9 \u03b3\u03b9\u03b1 \u03c4\u03b9\u03c2 \u03b5\u03be\u03b5\u03c4\u03ac\u03c3\u03b5\u03b9\u03c2 \u03c4\u03bf\u03c5 \u039a\u03c1\u03b1\u03c4\u03b9\u03ba\u03bf\u03cd \u03a0\u03b9\u03c3\u03c4\u03bf\u03c0\u03bf\u03b9\u03b7\u03c4\u03b9\u03ba\u03bf\u03cd \u0393\u03bb\u03c9\u03c3\u03c3\u03bf\u03bc\u03ac\u03b8\u03b5\u03b9\u03b1\u03c2 \u03bc\u03b5 \u03c4\u03bf <em>\u00c0 la hauteur du \u039a\u03a0\u03b3<\/em> (\u03b5\u03c0\u03af\u03c0\u03b5\u03b4\u03bf A)<br \/>\n\u03a4\u03b9 \u03b5\u03af\u03bd\u03b1\u03b9 \u03c4\u03bf \u039a\u03c1\u03b1\u03c4\u03b9\u03ba\u03cc \u03a0\u03b9\u03c3\u03c4\u03bf\u03c0\u03bf\u03b9\u03b7\u03c4\u03b9\u03ba\u03cc \u0393\u03bb\u03c9\u03c3\u03c3\u03bf\u03bc\u03ac\u03b8\u03b5\u03b9\u03b1\u03c2;<br \/>\n\u03a0\u03ce\u03c2 \u03c3\u03c5\u03bd\u03b4\u03ad\u03b5\u03c4\u03b1\u03b9 \u03bc\u03b5 \u03c4\u03bf\u00a0 \u039a\u03bf\u03b9\u03bd\u03cc \u0395\u03c5\u03c1\u03c9\u03c0\u03b1\u03ca\u03ba\u03cc \u03a0\u03bb\u03b1\u03af\u03c3\u03b9\u03bf \u0391\u03bd\u03b1\u03c6\u03bf\u03c1\u03ac\u03c2 \u03b3\u03b9\u03b1 \u03c4\u03b9\u03c2 \u03b3\u03bb\u03ce\u03c3\u03c3\u03b5\u03c2;<br \/>\n\u03a0\u03bf\u03b9\u03b1 \u03c4\u03c5\u03c0\u03bf\u03bb\u03bf\u03b3\u03af\u03b1\u00a0 \u03b4\u03bf\u03ba\u03b9\u03bc\u03b1\u03c3\u03b9\u03ce\u03bd \u03c5\u03b9\u03bf\u03b8\u03b5\u03c4\u03b5\u03af\u03c4\u03b1\u03b9;<br \/>\n\u03a4\u03b9 \u03c0\u03c1\u03bf\u03c3\u03c6\u03ad\u03c1\u03b5\u03b9 \u03c4\u03bf <em>\u00c0 la hauteur du \u039a\u03a0\u03b3<\/em>;<\/p>\n","protected":false},"excerpt":{"rendered":"<p>D\u00e9couvrez vite nos nouveaut\u00e9s\u00a0! Picto+ B1, m\u00e9thode pour adolescents, Pr\u00e9padelf B2 (Vers le C1) et \u00c0 la hauteur du \u039a\u03a0\u03b3. Participez \u00e0 nos webinaires\u00a0et soyez les premiers \u00e0 recevoir les livres du prof\u00a0! Picto+ B1: m\u00e9thode pour adolescents \u039c\u03b1\u03b6\u03af \u03b8\u03b1 \u03b1\u03bd\u03b1\u03ba\u03b1\u03bb\u03cd\u03c8\u03bf\u03c5\u03bc\u03b5 \u03c4\u03bf \u03c4\u03b5\u03bb\u03b5\u03c5\u03c4\u03b1\u03af\u03bf \u03b5\u03c0\u03af\u03c0\u03b5\u03b4\u03bf \u03c4\u03b7\u03c2 \u03bc\u03b5\u03b8\u03cc\u03b4\u03bf\u03c5 Picto (\u03c4\u03bf \u03c0\u03b1\u03b9\u03b4\u03b1\u03b3\u03c9\u03b3\u03b9\u03ba\u03cc \u03c5\u03bb\u03b9\u03ba\u03cc&hellip;<\/p>\n","protected":false},"author":4108,"featured_media":9003,"template":"","meta":{"_acf_changed":false,"footnotes":""},"class_list":["post-8972","webinar","type-webinar","status-publish","has-post-thumbnail","hentry"],"acf":[],"yoast_head":"<!-- This site is optimized with the Yoast SEO plugin v27.4 - https:\/\/yoast.com\/product\/yoast-seo-wordpress\/ -->\n<title>Webinaires Juin 2023 &#8211; Trait D&#039; Union<\/title>\n<meta name=\"robots\" content=\"index, follow, max-snippet:-1, max-image-preview:large, max-video-preview:-1\" \/>\n<link rel=\"canonical\" href=\"https:\/\/traitdunion.gr\/fr\/webinar\/webinaires-juin-2023\/\" \/>\n<meta property=\"og:locale\" content=\"fr_FR\" \/>\n<meta property=\"og:type\" content=\"article\" \/>\n<meta property=\"og:title\" content=\"Webinaires Juin 2023 &#8211; Trait D&#039; Union\" \/>\n<meta property=\"og:description\" content=\"D\u00e9couvrez vite nos nouveaut\u00e9s\u00a0! Picto+ B1, m\u00e9thode pour adolescents, Pr\u00e9padelf B2 (Vers le C1) et \u00c0 la hauteur du \u039a\u03a0\u03b3. Participez \u00e0 nos webinaires\u00a0et soyez les premiers \u00e0 recevoir les livres du prof\u00a0! Picto+ B1: m\u00e9thode pour adolescents \u039c\u03b1\u03b6\u03af \u03b8\u03b1 \u03b1\u03bd\u03b1\u03ba\u03b1\u03bb\u03cd\u03c8\u03bf\u03c5\u03bc\u03b5 \u03c4\u03bf \u03c4\u03b5\u03bb\u03b5\u03c5\u03c4\u03b1\u03af\u03bf \u03b5\u03c0\u03af\u03c0\u03b5\u03b4\u03bf \u03c4\u03b7\u03c2 \u03bc\u03b5\u03b8\u03cc\u03b4\u03bf\u03c5 Picto (\u03c4\u03bf \u03c0\u03b1\u03b9\u03b4\u03b1\u03b3\u03c9\u03b3\u03b9\u03ba\u03cc \u03c5\u03bb\u03b9\u03ba\u03cc&hellip;\" \/>\n<meta property=\"og:url\" content=\"https:\/\/traitdunion.gr\/fr\/webinar\/webinaires-juin-2023\/\" \/>\n<meta property=\"og:site_name\" content=\"Trait D&#039; Union\" \/>\n<meta property=\"article:publisher\" content=\"https:\/\/www.facebook.com\/editionstraitdunion\" \/>\n<meta property=\"article:modified_time\" content=\"2023-06-28T07:43:04+00:00\" \/>\n<meta property=\"og:image\" content=\"https:\/\/traitdunion.gr\/wp-content\/uploads\/2023\/06\/WebinaireInvitation_29-6-002.jpg\" \/>\n\t<meta property=\"og:image:width\" content=\"720\" \/>\n\t<meta property=\"og:image:height\" content=\"960\" \/>\n\t<meta property=\"og:image:type\" content=\"image\/jpeg\" \/>\n<meta name=\"twitter:card\" content=\"summary_large_image\" \/>\n<script type=\"application\/ld+json\" class=\"yoast-schema-graph\">{\"@context\":\"https:\\\/\\\/schema.org\",\"@graph\":[{\"@type\":\"WebPage\",\"@id\":\"https:\\\/\\\/traitdunion.gr\\\/fr\\\/webinar\\\/webinaires-juin-2023\\\/\",\"url\":\"https:\\\/\\\/traitdunion.gr\\\/fr\\\/webinar\\\/webinaires-juin-2023\\\/\",\"name\":\"Webinaires Juin 2023 &#8211; Trait D&#039; Union\",\"isPartOf\":{\"@id\":\"https:\\\/\\\/traitdunion.gr\\\/fr\\\/#website\"},\"primaryImageOfPage\":{\"@id\":\"https:\\\/\\\/traitdunion.gr\\\/fr\\\/webinar\\\/webinaires-juin-2023\\\/#primaryimage\"},\"image\":{\"@id\":\"https:\\\/\\\/traitdunion.gr\\\/fr\\\/webinar\\\/webinaires-juin-2023\\\/#primaryimage\"},\"thumbnailUrl\":\"https:\\\/\\\/traitdunion.gr\\\/wp-content\\\/uploads\\\/2023\\\/06\\\/WebinaireInvitation_29-6-002.jpg\",\"datePublished\":\"2023-06-14T08:23:24+00:00\",\"dateModified\":\"2023-06-28T07:43:04+00:00\",\"breadcrumb\":{\"@id\":\"https:\\\/\\\/traitdunion.gr\\\/fr\\\/webinar\\\/webinaires-juin-2023\\\/#breadcrumb\"},\"inLanguage\":\"fr-FR\",\"potentialAction\":[{\"@type\":\"ReadAction\",\"target\":[\"https:\\\/\\\/traitdunion.gr\\\/fr\\\/webinar\\\/webinaires-juin-2023\\\/\"]}]},{\"@type\":\"ImageObject\",\"inLanguage\":\"fr-FR\",\"@id\":\"https:\\\/\\\/traitdunion.gr\\\/fr\\\/webinar\\\/webinaires-juin-2023\\\/#primaryimage\",\"url\":\"https:\\\/\\\/traitdunion.gr\\\/wp-content\\\/uploads\\\/2023\\\/06\\\/WebinaireInvitation_29-6-002.jpg\",\"contentUrl\":\"https:\\\/\\\/traitdunion.gr\\\/wp-content\\\/uploads\\\/2023\\\/06\\\/WebinaireInvitation_29-6-002.jpg\",\"width\":720,\"height\":960},{\"@type\":\"BreadcrumbList\",\"@id\":\"https:\\\/\\\/traitdunion.gr\\\/fr\\\/webinar\\\/webinaires-juin-2023\\\/#breadcrumb\",\"itemListElement\":[{\"@type\":\"ListItem\",\"position\":1,\"name\":\"TRAIT D' UNION\",\"item\":\"https:\\\/\\\/traitdunion.gr\\\/fr\\\/\"},{\"@type\":\"ListItem\",\"position\":2,\"name\":\"Webinars\",\"item\":\"https:\\\/\\\/traitdunion.gr\\\/fr\\\/webinar\\\/\"},{\"@type\":\"ListItem\",\"position\":3,\"name\":\"Webinaires Juin 2023\"}]},{\"@type\":\"WebSite\",\"@id\":\"https:\\\/\\\/traitdunion.gr\\\/fr\\\/#website\",\"url\":\"https:\\\/\\\/traitdunion.gr\\\/fr\\\/\",\"name\":\"Trait D&#039; Union\",\"description\":\"Publications de livres en fran\u00e7ais\",\"publisher\":{\"@id\":\"https:\\\/\\\/traitdunion.gr\\\/fr\\\/#organization\"},\"potentialAction\":[{\"@type\":\"SearchAction\",\"target\":{\"@type\":\"EntryPoint\",\"urlTemplate\":\"https:\\\/\\\/traitdunion.gr\\\/fr\\\/?s={search_term_string}\"},\"query-input\":{\"@type\":\"PropertyValueSpecification\",\"valueRequired\":true,\"valueName\":\"search_term_string\"}}],\"inLanguage\":\"fr-FR\"},{\"@type\":\"Organization\",\"@id\":\"https:\\\/\\\/traitdunion.gr\\\/fr\\\/#organization\",\"name\":\"Trait D' Union\",\"url\":\"https:\\\/\\\/traitdunion.gr\\\/fr\\\/\",\"logo\":{\"@type\":\"ImageObject\",\"inLanguage\":\"fr-FR\",\"@id\":\"https:\\\/\\\/traitdunion.gr\\\/fr\\\/#\\\/schema\\\/logo\\\/image\\\/\",\"url\":\"https:\\\/\\\/traitdunion.gr\\\/wp-content\\\/uploads\\\/2021\\\/06\\\/logo.svg\",\"contentUrl\":\"https:\\\/\\\/traitdunion.gr\\\/wp-content\\\/uploads\\\/2021\\\/06\\\/logo.svg\",\"width\":1,\"height\":1,\"caption\":\"Trait D' Union\"},\"image\":{\"@id\":\"https:\\\/\\\/traitdunion.gr\\\/fr\\\/#\\\/schema\\\/logo\\\/image\\\/\"},\"sameAs\":[\"https:\\\/\\\/www.facebook.com\\\/editionstraitdunion\",\"https:\\\/\\\/www.youtube.com\\\/channel\\\/UChVwITx_xZxsT2Rl9BGEI2Q\"]}]}<\/script>\n<!-- \/ Yoast SEO plugin. -->","yoast_head_json":{"title":"Webinaires Juin 2023 &#8211; Trait D&#039; Union","robots":{"index":"index","follow":"follow","max-snippet":"max-snippet:-1","max-image-preview":"max-image-preview:large","max-video-preview":"max-video-preview:-1"},"canonical":"https:\/\/traitdunion.gr\/fr\/webinar\/webinaires-juin-2023\/","og_locale":"fr_FR","og_type":"article","og_title":"Webinaires Juin 2023 &#8211; Trait D&#039; Union","og_description":"D\u00e9couvrez vite nos nouveaut\u00e9s\u00a0! Picto+ B1, m\u00e9thode pour adolescents, Pr\u00e9padelf B2 (Vers le C1) et \u00c0 la hauteur du \u039a\u03a0\u03b3. Participez \u00e0 nos webinaires\u00a0et soyez les premiers \u00e0 recevoir les livres du prof\u00a0! Picto+ B1: m\u00e9thode pour adolescents \u039c\u03b1\u03b6\u03af \u03b8\u03b1 \u03b1\u03bd\u03b1\u03ba\u03b1\u03bb\u03cd\u03c8\u03bf\u03c5\u03bc\u03b5 \u03c4\u03bf \u03c4\u03b5\u03bb\u03b5\u03c5\u03c4\u03b1\u03af\u03bf \u03b5\u03c0\u03af\u03c0\u03b5\u03b4\u03bf \u03c4\u03b7\u03c2 \u03bc\u03b5\u03b8\u03cc\u03b4\u03bf\u03c5 Picto (\u03c4\u03bf \u03c0\u03b1\u03b9\u03b4\u03b1\u03b3\u03c9\u03b3\u03b9\u03ba\u03cc \u03c5\u03bb\u03b9\u03ba\u03cc&hellip;","og_url":"https:\/\/traitdunion.gr\/fr\/webinar\/webinaires-juin-2023\/","og_site_name":"Trait D&#039; Union","article_publisher":"https:\/\/www.facebook.com\/editionstraitdunion","article_modified_time":"2023-06-28T07:43:04+00:00","og_image":[{"width":720,"height":960,"url":"https:\/\/traitdunion.gr\/wp-content\/uploads\/2023\/06\/WebinaireInvitation_29-6-002.jpg","type":"image\/jpeg"}],"twitter_card":"summary_large_image","schema":{"@context":"https:\/\/schema.org","@graph":[{"@type":"WebPage","@id":"https:\/\/traitdunion.gr\/fr\/webinar\/webinaires-juin-2023\/","url":"https:\/\/traitdunion.gr\/fr\/webinar\/webinaires-juin-2023\/","name":"Webinaires Juin 2023 &#8211; Trait D&#039; Union","isPartOf":{"@id":"https:\/\/traitdunion.gr\/fr\/#website"},"primaryImageOfPage":{"@id":"https:\/\/traitdunion.gr\/fr\/webinar\/webinaires-juin-2023\/#primaryimage"},"image":{"@id":"https:\/\/traitdunion.gr\/fr\/webinar\/webinaires-juin-2023\/#primaryimage"},"thumbnailUrl":"https:\/\/traitdunion.gr\/wp-content\/uploads\/2023\/06\/WebinaireInvitation_29-6-002.jpg","datePublished":"2023-06-14T08:23:24+00:00","dateModified":"2023-06-28T07:43:04+00:00","breadcrumb":{"@id":"https:\/\/traitdunion.gr\/fr\/webinar\/webinaires-juin-2023\/#breadcrumb"},"inLanguage":"fr-FR","potentialAction":[{"@type":"ReadAction","target":["https:\/\/traitdunion.gr\/fr\/webinar\/webinaires-juin-2023\/"]}]},{"@type":"ImageObject","inLanguage":"fr-FR","@id":"https:\/\/traitdunion.gr\/fr\/webinar\/webinaires-juin-2023\/#primaryimage","url":"https:\/\/traitdunion.gr\/wp-content\/uploads\/2023\/06\/WebinaireInvitation_29-6-002.jpg","contentUrl":"https:\/\/traitdunion.gr\/wp-content\/uploads\/2023\/06\/WebinaireInvitation_29-6-002.jpg","width":720,"height":960},{"@type":"BreadcrumbList","@id":"https:\/\/traitdunion.gr\/fr\/webinar\/webinaires-juin-2023\/#breadcrumb","itemListElement":[{"@type":"ListItem","position":1,"name":"TRAIT D' UNION","item":"https:\/\/traitdunion.gr\/fr\/"},{"@type":"ListItem","position":2,"name":"Webinars","item":"https:\/\/traitdunion.gr\/fr\/webinar\/"},{"@type":"ListItem","position":3,"name":"Webinaires Juin 2023"}]},{"@type":"WebSite","@id":"https:\/\/traitdunion.gr\/fr\/#website","url":"https:\/\/traitdunion.gr\/fr\/","name":"Trait D&#039; Union","description":"Publications de livres en fran\u00e7ais","publisher":{"@id":"https:\/\/traitdunion.gr\/fr\/#organization"},"potentialAction":[{"@type":"SearchAction","target":{"@type":"EntryPoint","urlTemplate":"https:\/\/traitdunion.gr\/fr\/?s={search_term_string}"},"query-input":{"@type":"PropertyValueSpecification","valueRequired":true,"valueName":"search_term_string"}}],"inLanguage":"fr-FR"},{"@type":"Organization","@id":"https:\/\/traitdunion.gr\/fr\/#organization","name":"Trait D' Union","url":"https:\/\/traitdunion.gr\/fr\/","logo":{"@type":"ImageObject","inLanguage":"fr-FR","@id":"https:\/\/traitdunion.gr\/fr\/#\/schema\/logo\/image\/","url":"https:\/\/traitdunion.gr\/wp-content\/uploads\/2021\/06\/logo.svg","contentUrl":"https:\/\/traitdunion.gr\/wp-content\/uploads\/2021\/06\/logo.svg","width":1,"height":1,"caption":"Trait D' Union"},"image":{"@id":"https:\/\/traitdunion.gr\/fr\/#\/schema\/logo\/image\/"},"sameAs":["https:\/\/www.facebook.com\/editionstraitdunion","https:\/\/www.youtube.com\/channel\/UChVwITx_xZxsT2Rl9BGEI2Q"]}]}},"_links":{"self":[{"href":"https:\/\/traitdunion.gr\/fr\/wp-json\/wp\/v2\/webinar\/8972","targetHints":{"allow":["GET"]}}],"collection":[{"href":"https:\/\/traitdunion.gr\/fr\/wp-json\/wp\/v2\/webinar"}],"about":[{"href":"https:\/\/traitdunion.gr\/fr\/wp-json\/wp\/v2\/types\/webinar"}],"author":[{"embeddable":true,"href":"https:\/\/traitdunion.gr\/fr\/wp-json\/wp\/v2\/users\/4108"}],"version-history":[{"count":3,"href":"https:\/\/traitdunion.gr\/fr\/wp-json\/wp\/v2\/webinar\/8972\/revisions"}],"predecessor-version":[{"id":9005,"href":"https:\/\/traitdunion.gr\/fr\/wp-json\/wp\/v2\/webinar\/8972\/revisions\/9005"}],"wp:featuredmedia":[{"embeddable":true,"href":"https:\/\/traitdunion.gr\/fr\/wp-json\/wp\/v2\/media\/9003"}],"wp:attachment":[{"href":"https:\/\/traitdunion.gr\/fr\/wp-json\/wp\/v2\/media?parent=8972"}],"curies":[{"name":"wp","href":"https:\/\/api.w.org\/{rel}","templated":true}]}}