{"id":8379,"date":"2022-02-09T11:31:32","date_gmt":"2022-02-09T09:31:32","guid":{"rendered":"https:\/\/traitdunion.gr\/webinar\/trait-dunion-webinaires-delf-ado-a1-nouveaux-formats\/"},"modified":"2022-02-09T11:54:18","modified_gmt":"2022-02-09T09:54:18","slug":"trait-dunion-webinaires-delf-ado-a1-nouveaux-formats","status":"publish","type":"webinar","link":"https:\/\/traitdunion.gr\/fr\/webinar\/trait-dunion-webinaires-delf-ado-a1-nouveaux-formats\/","title":{"rendered":"TRAIT D'UNION WEBINAIRES DELF ADO A1 (NOUVEAUX FORMATS)"},"content":{"rendered":"<p>Chers coll\u00e8gues,<\/p>\n<p>Nous avons le plaisir de vous annoncer que <em>DELF ADO A1 <\/em>nouveaux formats vient de para\u00eetre !\u00a0<\/p>\n<p>Lors de notre webinaire :<\/p>\n<p>- Nous parlerons des changements dans les \u00e9preuves du DELF junior A1 et de tout ce que nous devons savoir pour pr\u00e9parer correctement nos \u00e9l\u00e8ves.<\/p>\n<p>- Nous proposerons des id\u00e9es et des activit\u00e9s pour am\u00e9liorer la compr\u00e9hension \u00e9crite des \u00e9l\u00e8ves. Comment enseigne-t-on un texte en classe\u00a0?<\/p>\n<p>- Nous proposerons des activit\u00e9s de production orale qui suscitent l\u2019int\u00e9r\u00eat des \u00e9l\u00e8ves.<\/p>\n<p>\u00a0Participez \u00e0 notre webinaire, d\u00e9couvrez comment vous pouvez profiter de tous les avantages de la collection DELF ADO et recevez le livre du professeur gratuitement.<\/p>\n<p><strong>DELF ADO A1 nouveaux formats<\/strong><strong><br \/>\n<\/strong><strong>Un manuel indispensable pour se pr\u00e9parer aux examens du DELF !<\/strong><\/p>\n<p><strong>Jeudi 10\/02\/2022<\/strong><\/p>\n<p><strong><em>11 h \u2013 12 h 30\u00a0 \u00a0 <a href=\"https:\/\/traitdunion.clickmeeting.com\/delf-ado-a1-nouveaux-formats2\" target=\"_blank\" rel=\"noopener\">Cliquez ici<\/a><\/em><\/strong><\/p>\n<p><strong><em>15 h \u2013 16 h 30\u00a0 \u00a0<a href=\"https:\/\/traitdunion.clickmeeting.com\/delf-ado-a1-nouveaux-formats-2\" target=\"_blank\" rel=\"noopener\">Cliquez ici<\/a><\/em><\/strong><\/p>\n<p><strong><em>et<\/em><\/strong><\/p>\n<p><strong>Vendredi 11\/02\/2022<\/strong><\/p>\n<p><strong><em>13 h \u2013 14 h 30 \u00a0<a href=\"https:\/\/traitdunion.clickmeeting.com\/delf-ado-a1-nouveaux-formats\" target=\"_blank\" rel=\"noopener\">Cliquez ici<\/a><\/em><\/strong><\/p>\n","protected":false},"excerpt":{"rendered":"<p>Chers coll\u00e8gues, Nous avons le plaisir de vous annoncer que DELF ADO A1 nouveaux formats vient de para\u00eetre !\u00a0 Lors de notre webinaire : - Nous parlerons des changements dans les \u00e9preuves du DELF junior A1 et de tout ce que nous devons savoir pour pr\u00e9parer correctement nos \u00e9l\u00e8ves. -&hellip;<\/p>\n","protected":false},"author":4108,"featured_media":8376,"template":"","meta":{"_acf_changed":false,"footnotes":""},"class_list":["post-8379","webinar","type-webinar","status-publish","has-post-thumbnail","hentry"],"acf":[],"yoast_head":"<!-- This site is optimized with the Yoast SEO plugin v27.4 - https:\/\/yoast.com\/product\/yoast-seo-wordpress\/ -->\n<title>TRAIT D&#039;UNION WEBINAIRES DELF ADO A1 (NOUVEAUX FORMATS) &#8211; Trait D&#039; Union<\/title>\n<meta name=\"robots\" content=\"index, follow, max-snippet:-1, max-image-preview:large, max-video-preview:-1\" \/>\n<link rel=\"canonical\" href=\"https:\/\/traitdunion.gr\/fr\/webinar\/trait-dunion-webinaires-delf-ado-a1-nouveaux-formats\/\" \/>\n<meta property=\"og:locale\" content=\"fr_FR\" \/>\n<meta property=\"og:type\" content=\"article\" \/>\n<meta property=\"og:title\" content=\"TRAIT D&#039;UNION WEBINAIRES DELF ADO A1 (NOUVEAUX FORMATS) &#8211; Trait D&#039; Union\" \/>\n<meta property=\"og:description\" content=\"Chers coll\u00e8gues, Nous avons le plaisir de vous annoncer que DELF ADO A1 nouveaux formats vient de para\u00eetre !\u00a0 Lors de notre webinaire : - Nous parlerons des changements dans les \u00e9preuves du DELF junior A1 et de tout ce que nous devons savoir pour pr\u00e9parer correctement nos \u00e9l\u00e8ves. -&hellip;\" \/>\n<meta property=\"og:url\" content=\"https:\/\/traitdunion.gr\/fr\/webinar\/trait-dunion-webinaires-delf-ado-a1-nouveaux-formats\/\" \/>\n<meta property=\"og:site_name\" content=\"Trait D&#039; Union\" \/>\n<meta property=\"article:publisher\" content=\"https:\/\/www.facebook.com\/editionstraitdunion\" \/>\n<meta property=\"article:modified_time\" content=\"2022-02-09T09:54:18+00:00\" \/>\n<meta property=\"og:image\" content=\"https:\/\/traitdunion.gr\/wp-content\/uploads\/2022\/02\/Webinaire_NouveauDelfAdoA1.jpg\" \/>\n\t<meta property=\"og:image:width\" content=\"720\" \/>\n\t<meta property=\"og:image:height\" content=\"960\" \/>\n\t<meta property=\"og:image:type\" content=\"image\/jpeg\" \/>\n<meta name=\"twitter:card\" content=\"summary_large_image\" \/>\n<meta name=\"twitter:label1\" content=\"Dur\u00e9e de lecture estim\u00e9e\" \/>\n\t<meta name=\"twitter:data1\" content=\"1 minute\" \/>\n<script type=\"application\/ld+json\" class=\"yoast-schema-graph\">{\"@context\":\"https:\\\/\\\/schema.org\",\"@graph\":[{\"@type\":\"WebPage\",\"@id\":\"https:\\\/\\\/traitdunion.gr\\\/fr\\\/webinar\\\/trait-dunion-webinaires-delf-ado-a1-nouveaux-formats\\\/\",\"url\":\"https:\\\/\\\/traitdunion.gr\\\/fr\\\/webinar\\\/trait-dunion-webinaires-delf-ado-a1-nouveaux-formats\\\/\",\"name\":\"TRAIT D'UNION WEBINAIRES DELF ADO A1 (NOUVEAUX FORMATS) &#8211; Trait D&#039; Union\",\"isPartOf\":{\"@id\":\"https:\\\/\\\/traitdunion.gr\\\/fr\\\/#website\"},\"primaryImageOfPage\":{\"@id\":\"https:\\\/\\\/traitdunion.gr\\\/fr\\\/webinar\\\/trait-dunion-webinaires-delf-ado-a1-nouveaux-formats\\\/#primaryimage\"},\"image\":{\"@id\":\"https:\\\/\\\/traitdunion.gr\\\/fr\\\/webinar\\\/trait-dunion-webinaires-delf-ado-a1-nouveaux-formats\\\/#primaryimage\"},\"thumbnailUrl\":\"https:\\\/\\\/traitdunion.gr\\\/wp-content\\\/uploads\\\/2022\\\/02\\\/Webinaire_NouveauDelfAdoA1.jpg\",\"datePublished\":\"2022-02-09T09:31:32+00:00\",\"dateModified\":\"2022-02-09T09:54:18+00:00\",\"breadcrumb\":{\"@id\":\"https:\\\/\\\/traitdunion.gr\\\/fr\\\/webinar\\\/trait-dunion-webinaires-delf-ado-a1-nouveaux-formats\\\/#breadcrumb\"},\"inLanguage\":\"fr-FR\",\"potentialAction\":[{\"@type\":\"ReadAction\",\"target\":[\"https:\\\/\\\/traitdunion.gr\\\/fr\\\/webinar\\\/trait-dunion-webinaires-delf-ado-a1-nouveaux-formats\\\/\"]}]},{\"@type\":\"ImageObject\",\"inLanguage\":\"fr-FR\",\"@id\":\"https:\\\/\\\/traitdunion.gr\\\/fr\\\/webinar\\\/trait-dunion-webinaires-delf-ado-a1-nouveaux-formats\\\/#primaryimage\",\"url\":\"https:\\\/\\\/traitdunion.gr\\\/wp-content\\\/uploads\\\/2022\\\/02\\\/Webinaire_NouveauDelfAdoA1.jpg\",\"contentUrl\":\"https:\\\/\\\/traitdunion.gr\\\/wp-content\\\/uploads\\\/2022\\\/02\\\/Webinaire_NouveauDelfAdoA1.jpg\",\"width\":720,\"height\":960,\"caption\":\"Webinaire_NouveauDelfAdoA1\"},{\"@type\":\"BreadcrumbList\",\"@id\":\"https:\\\/\\\/traitdunion.gr\\\/fr\\\/webinar\\\/trait-dunion-webinaires-delf-ado-a1-nouveaux-formats\\\/#breadcrumb\",\"itemListElement\":[{\"@type\":\"ListItem\",\"position\":1,\"name\":\"TRAIT D' UNION\",\"item\":\"https:\\\/\\\/traitdunion.gr\\\/fr\\\/\"},{\"@type\":\"ListItem\",\"position\":2,\"name\":\"Webinars\",\"item\":\"https:\\\/\\\/traitdunion.gr\\\/fr\\\/webinar\\\/\"},{\"@type\":\"ListItem\",\"position\":3,\"name\":\"TRAIT D'UNION WEBINAIRES DELF ADO A1 (NOUVEAUX FORMATS)\"}]},{\"@type\":\"WebSite\",\"@id\":\"https:\\\/\\\/traitdunion.gr\\\/fr\\\/#website\",\"url\":\"https:\\\/\\\/traitdunion.gr\\\/fr\\\/\",\"name\":\"Trait D&#039; Union\",\"description\":\"Publications de livres en fran\u00e7ais\",\"publisher\":{\"@id\":\"https:\\\/\\\/traitdunion.gr\\\/fr\\\/#organization\"},\"potentialAction\":[{\"@type\":\"SearchAction\",\"target\":{\"@type\":\"EntryPoint\",\"urlTemplate\":\"https:\\\/\\\/traitdunion.gr\\\/fr\\\/?s={search_term_string}\"},\"query-input\":{\"@type\":\"PropertyValueSpecification\",\"valueRequired\":true,\"valueName\":\"search_term_string\"}}],\"inLanguage\":\"fr-FR\"},{\"@type\":\"Organization\",\"@id\":\"https:\\\/\\\/traitdunion.gr\\\/fr\\\/#organization\",\"name\":\"Trait D' Union\",\"url\":\"https:\\\/\\\/traitdunion.gr\\\/fr\\\/\",\"logo\":{\"@type\":\"ImageObject\",\"inLanguage\":\"fr-FR\",\"@id\":\"https:\\\/\\\/traitdunion.gr\\\/fr\\\/#\\\/schema\\\/logo\\\/image\\\/\",\"url\":\"https:\\\/\\\/traitdunion.gr\\\/wp-content\\\/uploads\\\/2021\\\/06\\\/logo.svg\",\"contentUrl\":\"https:\\\/\\\/traitdunion.gr\\\/wp-content\\\/uploads\\\/2021\\\/06\\\/logo.svg\",\"width\":1,\"height\":1,\"caption\":\"Trait D' Union\"},\"image\":{\"@id\":\"https:\\\/\\\/traitdunion.gr\\\/fr\\\/#\\\/schema\\\/logo\\\/image\\\/\"},\"sameAs\":[\"https:\\\/\\\/www.facebook.com\\\/editionstraitdunion\",\"https:\\\/\\\/www.youtube.com\\\/channel\\\/UChVwITx_xZxsT2Rl9BGEI2Q\"]}]}<\/script>\n<!-- \/ Yoast SEO plugin. -->","yoast_head_json":{"title":"TRAIT D'UNION WEBINAIRES DELF ADO A1 (NOUVEAUX FORMATS) &#8211; Trait D&#039; Union","robots":{"index":"index","follow":"follow","max-snippet":"max-snippet:-1","max-image-preview":"max-image-preview:large","max-video-preview":"max-video-preview:-1"},"canonical":"https:\/\/traitdunion.gr\/fr\/webinar\/trait-dunion-webinaires-delf-ado-a1-nouveaux-formats\/","og_locale":"fr_FR","og_type":"article","og_title":"TRAIT D'UNION WEBINAIRES DELF ADO A1 (NOUVEAUX FORMATS) &#8211; Trait D&#039; Union","og_description":"Chers coll\u00e8gues, Nous avons le plaisir de vous annoncer que DELF ADO A1 nouveaux formats vient de para\u00eetre !\u00a0 Lors de notre webinaire : - Nous parlerons des changements dans les \u00e9preuves du DELF junior A1 et de tout ce que nous devons savoir pour pr\u00e9parer correctement nos \u00e9l\u00e8ves. -&hellip;","og_url":"https:\/\/traitdunion.gr\/fr\/webinar\/trait-dunion-webinaires-delf-ado-a1-nouveaux-formats\/","og_site_name":"Trait D&#039; Union","article_publisher":"https:\/\/www.facebook.com\/editionstraitdunion","article_modified_time":"2022-02-09T09:54:18+00:00","og_image":[{"width":720,"height":960,"url":"https:\/\/traitdunion.gr\/wp-content\/uploads\/2022\/02\/Webinaire_NouveauDelfAdoA1.jpg","type":"image\/jpeg"}],"twitter_card":"summary_large_image","twitter_misc":{"Dur\u00e9e de lecture estim\u00e9e":"1 minute"},"schema":{"@context":"https:\/\/schema.org","@graph":[{"@type":"WebPage","@id":"https:\/\/traitdunion.gr\/fr\/webinar\/trait-dunion-webinaires-delf-ado-a1-nouveaux-formats\/","url":"https:\/\/traitdunion.gr\/fr\/webinar\/trait-dunion-webinaires-delf-ado-a1-nouveaux-formats\/","name":"TRAIT D'UNION WEBINAIRES DELF ADO A1 (NOUVEAUX FORMATS) &#8211; Trait D&#039; Union","isPartOf":{"@id":"https:\/\/traitdunion.gr\/fr\/#website"},"primaryImageOfPage":{"@id":"https:\/\/traitdunion.gr\/fr\/webinar\/trait-dunion-webinaires-delf-ado-a1-nouveaux-formats\/#primaryimage"},"image":{"@id":"https:\/\/traitdunion.gr\/fr\/webinar\/trait-dunion-webinaires-delf-ado-a1-nouveaux-formats\/#primaryimage"},"thumbnailUrl":"https:\/\/traitdunion.gr\/wp-content\/uploads\/2022\/02\/Webinaire_NouveauDelfAdoA1.jpg","datePublished":"2022-02-09T09:31:32+00:00","dateModified":"2022-02-09T09:54:18+00:00","breadcrumb":{"@id":"https:\/\/traitdunion.gr\/fr\/webinar\/trait-dunion-webinaires-delf-ado-a1-nouveaux-formats\/#breadcrumb"},"inLanguage":"fr-FR","potentialAction":[{"@type":"ReadAction","target":["https:\/\/traitdunion.gr\/fr\/webinar\/trait-dunion-webinaires-delf-ado-a1-nouveaux-formats\/"]}]},{"@type":"ImageObject","inLanguage":"fr-FR","@id":"https:\/\/traitdunion.gr\/fr\/webinar\/trait-dunion-webinaires-delf-ado-a1-nouveaux-formats\/#primaryimage","url":"https:\/\/traitdunion.gr\/wp-content\/uploads\/2022\/02\/Webinaire_NouveauDelfAdoA1.jpg","contentUrl":"https:\/\/traitdunion.gr\/wp-content\/uploads\/2022\/02\/Webinaire_NouveauDelfAdoA1.jpg","width":720,"height":960,"caption":"Webinaire_NouveauDelfAdoA1"},{"@type":"BreadcrumbList","@id":"https:\/\/traitdunion.gr\/fr\/webinar\/trait-dunion-webinaires-delf-ado-a1-nouveaux-formats\/#breadcrumb","itemListElement":[{"@type":"ListItem","position":1,"name":"TRAIT D' UNION","item":"https:\/\/traitdunion.gr\/fr\/"},{"@type":"ListItem","position":2,"name":"Webinars","item":"https:\/\/traitdunion.gr\/fr\/webinar\/"},{"@type":"ListItem","position":3,"name":"TRAIT D'UNION WEBINAIRES DELF ADO A1 (NOUVEAUX FORMATS)"}]},{"@type":"WebSite","@id":"https:\/\/traitdunion.gr\/fr\/#website","url":"https:\/\/traitdunion.gr\/fr\/","name":"Trait D&#039; Union","description":"Publications de livres en fran\u00e7ais","publisher":{"@id":"https:\/\/traitdunion.gr\/fr\/#organization"},"potentialAction":[{"@type":"SearchAction","target":{"@type":"EntryPoint","urlTemplate":"https:\/\/traitdunion.gr\/fr\/?s={search_term_string}"},"query-input":{"@type":"PropertyValueSpecification","valueRequired":true,"valueName":"search_term_string"}}],"inLanguage":"fr-FR"},{"@type":"Organization","@id":"https:\/\/traitdunion.gr\/fr\/#organization","name":"Trait D' Union","url":"https:\/\/traitdunion.gr\/fr\/","logo":{"@type":"ImageObject","inLanguage":"fr-FR","@id":"https:\/\/traitdunion.gr\/fr\/#\/schema\/logo\/image\/","url":"https:\/\/traitdunion.gr\/wp-content\/uploads\/2021\/06\/logo.svg","contentUrl":"https:\/\/traitdunion.gr\/wp-content\/uploads\/2021\/06\/logo.svg","width":1,"height":1,"caption":"Trait D' Union"},"image":{"@id":"https:\/\/traitdunion.gr\/fr\/#\/schema\/logo\/image\/"},"sameAs":["https:\/\/www.facebook.com\/editionstraitdunion","https:\/\/www.youtube.com\/channel\/UChVwITx_xZxsT2Rl9BGEI2Q"]}]}},"_links":{"self":[{"href":"https:\/\/traitdunion.gr\/fr\/wp-json\/wp\/v2\/webinar\/8379","targetHints":{"allow":["GET"]}}],"collection":[{"href":"https:\/\/traitdunion.gr\/fr\/wp-json\/wp\/v2\/webinar"}],"about":[{"href":"https:\/\/traitdunion.gr\/fr\/wp-json\/wp\/v2\/types\/webinar"}],"author":[{"embeddable":true,"href":"https:\/\/traitdunion.gr\/fr\/wp-json\/wp\/v2\/users\/4108"}],"version-history":[{"count":0,"href":"https:\/\/traitdunion.gr\/fr\/wp-json\/wp\/v2\/webinar\/8379\/revisions"}],"wp:featuredmedia":[{"embeddable":true,"href":"https:\/\/traitdunion.gr\/fr\/wp-json\/wp\/v2\/media\/8376"}],"wp:attachment":[{"href":"https:\/\/traitdunion.gr\/fr\/wp-json\/wp\/v2\/media?parent=8379"}],"curies":[{"name":"wp","href":"https:\/\/api.w.org\/{rel}","templated":true}]}}